{"id":1005,"date":"2025-06-11T14:22:45","date_gmt":"2025-06-11T12:22:45","guid":{"rendered":"https:\/\/guardiolaarquitectos.es\/home\/"},"modified":"2025-07-07T11:31:44","modified_gmt":"2025-07-07T09:31:44","slug":"home","status":"publish","type":"page","link":"https:\/\/guardiolaarquitectos.es\/en\/","title":{"rendered":"Home"},"content":{"rendered":"\t\t<div data-elementor-type=\"wp-page\" data-elementor-id=\"1005\" class=\"elementor elementor-1005\" data-elementor-post-type=\"page\">\n\t\t\t\t<div class=\"elementor-element elementor-element-ad2c1c2 e-con-full e-flex wpr-particle-no wpr-jarallax-no wpr-parallax-no wpr-sticky-section-no e-con e-parent\" data-id=\"ad2c1c2\" data-element_type=\"container\" data-settings=\"{&quot;background_background&quot;:&quot;classic&quot;}\">\n\t\t<div class=\"elementor-element elementor-element-278967e e-flex e-con-boxed wpr-particle-no wpr-jarallax-no wpr-parallax-no wpr-sticky-section-no e-con e-child\" data-id=\"278967e\" data-element_type=\"container\" data-settings=\"{&quot;background_background&quot;:&quot;classic&quot;}\">\n\t\t\t\t\t<div class=\"e-con-inner\">\n\t\t<div class=\"elementor-element elementor-element-1c2a263 e-con-full e-flex wpr-particle-no wpr-jarallax-no wpr-parallax-no wpr-sticky-section-no e-con e-child\" data-id=\"1c2a263\" data-element_type=\"container\" data-settings=\"{&quot;background_background&quot;:&quot;classic&quot;}\">\n\t\t\t\t<div class=\"elementor-element elementor-element-f85d8eb elementor-widget elementor-widget-heading\" data-id=\"f85d8eb\" data-element_type=\"widget\" data-widget_type=\"heading.default\">\n\t\t\t\t<div class=\"elementor-widget-container\">\n\t\t\t\t\t<h1 class=\"elementor-heading-title elementor-size-default\">Guardiola Architecture<\/h1>\t\t\t\t<\/div>\n\t\t\t\t<\/div>\n\t\t\t\t<div class=\"elementor-element elementor-element-49b9e0e elementor-widget elementor-widget-heading\" data-id=\"49b9e0e\" data-element_type=\"widget\" data-widget_type=\"heading.default\">\n\t\t\t\t<div class=\"elementor-widget-container\">\n\t\t\t\t\t<h2 class=\"elementor-heading-title elementor-size-default\">We combine design and Energy Efficiency<br>to create cozy and functional spaces.<\/h2>\t\t\t\t<\/div>\n\t\t\t\t<\/div>\n\t\t\t\t<\/div>\n\t\t\t\t\t<\/div>\n\t\t\t\t<\/div>\n\t\t\t\t<\/div>\n\t\t\t\t<section class=\"elementor-section elementor-top-section elementor-element elementor-element-3981699 elementor-section-height-min-height elementor-section-content-middle elementor-section-items-top elementor-section-boxed elementor-section-height-default wpr-particle-no wpr-jarallax-no wpr-parallax-no wpr-sticky-section-no\" data-id=\"3981699\" data-element_type=\"section\">\n\t\t\t\t\t\t<div class=\"elementor-container elementor-column-gap-default\">\n\t\t\t\t\t<div class=\"elementor-column elementor-col-50 elementor-top-column elementor-element elementor-element-43bf354\" data-id=\"43bf354\" data-element_type=\"column\">\n\t\t\t<div class=\"elementor-widget-wrap elementor-element-populated\">\n\t\t\t\t\t\t<div class=\"elementor-element elementor-element-9d79fc7 elementor-widget elementor-widget-heading\" data-id=\"9d79fc7\" data-element_type=\"widget\" data-widget_type=\"heading.default\">\n\t\t\t\t<div class=\"elementor-widget-container\">\n\t\t\t\t\t<h2 class=\"elementor-heading-title elementor-size-default\">Architecture, interior design and energy efficiency in Murcia, Spain<\/h2>\t\t\t\t<\/div>\n\t\t\t\t<\/div>\n\t\t\t\t\t<\/div>\n\t\t<\/div>\n\t\t\t\t<div class=\"elementor-column elementor-col-50 elementor-top-column elementor-element elementor-element-44e8347\" data-id=\"44e8347\" data-element_type=\"column\">\n\t\t\t<div class=\"elementor-widget-wrap elementor-element-populated\">\n\t\t\t\t\t\t<div class=\"elementor-element elementor-element-3eac79c elementor-widget elementor-widget-text-editor\" data-id=\"3eac79c\" data-element_type=\"widget\" data-widget_type=\"text-editor.default\">\n\t\t\t\t<div class=\"elementor-widget-container\">\n\t\t\t\t\t\t\t\t\t<p>GUARDIOLA Architecture is the perfect fusion of building tradition, energy efficiency and passion for design. Our goal is to create spaces that inspire, that improve the lives of those who live in them and that respect the environment.<\/p>\t\t\t\t\t\t\t\t<\/div>\n\t\t\t\t<\/div>\n\t\t\t\t\t<\/div>\n\t\t<\/div>\n\t\t\t\t\t<\/div>\n\t\t<\/section>\n\t\t<div class=\"elementor-element elementor-element-b875df1 e-flex e-con-boxed wpr-particle-no wpr-jarallax-no wpr-parallax-no wpr-sticky-section-no e-con e-parent\" data-id=\"b875df1\" data-element_type=\"container\">\n\t\t\t\t\t<div class=\"e-con-inner\">\n\t\t<div class=\"elementor-element elementor-element-f6c81cd e-con-full e-flex wpr-particle-no wpr-jarallax-no wpr-parallax-no wpr-sticky-section-no e-con e-child\" data-id=\"f6c81cd\" data-element_type=\"container\" data-settings=\"{&quot;background_background&quot;:&quot;classic&quot;}\">\n\t\t\t\t<div class=\"elementor-element elementor-element-08d72a8 elementor-widget elementor-widget-heading\" data-id=\"08d72a8\" data-element_type=\"widget\" data-widget_type=\"heading.default\">\n\t\t\t\t<div class=\"elementor-widget-container\">\n\t\t\t\t\t<h2 class=\"elementor-heading-title elementor-size-default\">Two generations of architects<\/h2>\t\t\t\t<\/div>\n\t\t\t\t<\/div>\n\t\t\t\t<div class=\"elementor-element elementor-element-24e0209 elementor-widget elementor-widget-text-editor\" data-id=\"24e0209\" data-element_type=\"widget\" data-widget_type=\"text-editor.default\">\n\t\t\t\t<div class=\"elementor-widget-container\">\n\t\t\t\t\t\t\t\t\t<p>We are <strong>Joaqu\u00edn Guardiola<\/strong>, expert in construction management and traditional construction systems, and <strong>Mar\u00eda Jos\u00e9 Guardiola<\/strong>, creative architect specialized in energy efficiency and design. We combine tradition and modernity to offer unique and sustainable architectural solutions.<\/p>\t\t\t\t\t\t\t\t<\/div>\n\t\t\t\t<\/div>\n\t\t\t\t<div class=\"elementor-element elementor-element-35eda36 elementor-widget elementor-widget-button\" data-id=\"35eda36\" data-element_type=\"widget\" data-widget_type=\"button.default\">\n\t\t\t\t<div class=\"elementor-widget-container\">\n\t\t\t\t\t\t\t\t\t<div class=\"elementor-button-wrapper\">\n\t\t\t\t\t<a class=\"elementor-button elementor-button-link elementor-size-sm\" href=\"https:\/\/guardiolaarquitectos.es\/nosotros\/\">\n\t\t\t\t\t\t<span class=\"elementor-button-content-wrapper\">\n\t\t\t\t\t\t\t\t\t<span class=\"elementor-button-text\">More information<\/span>\n\t\t\t\t\t<\/span>\n\t\t\t\t\t<\/a>\n\t\t\t\t<\/div>\n\t\t\t\t\t\t\t\t<\/div>\n\t\t\t\t<\/div>\n\t\t\t\t<\/div>\n\t\t<div class=\"elementor-element elementor-element-3b5fb7c e-con-full e-flex wpr-particle-no wpr-jarallax-no wpr-parallax-no wpr-sticky-section-no e-con e-child\" data-id=\"3b5fb7c\" data-element_type=\"container\" data-settings=\"{&quot;background_background&quot;:&quot;classic&quot;}\">\n\t\t\t\t<\/div>\n\t\t\t\t\t<\/div>\n\t\t\t\t<\/div>\n\t\t<div class=\"elementor-element elementor-element-c118c13 e-con-full e-flex wpr-particle-no wpr-jarallax-no wpr-parallax-no wpr-sticky-section-no e-con e-parent\" data-id=\"c118c13\" data-element_type=\"container\">\n\t\t<div class=\"elementor-element elementor-element-e8f49a7 e-con-full e-flex wpr-particle-no wpr-jarallax-no wpr-parallax-no wpr-sticky-section-no e-con e-child\" data-id=\"e8f49a7\" data-element_type=\"container\" data-settings=\"{&quot;background_background&quot;:&quot;classic&quot;}\">\n\t\t\t\t<\/div>\n\t\t<div class=\"elementor-element elementor-element-386df6e e-con-full e-flex wpr-particle-no wpr-jarallax-no wpr-parallax-no wpr-sticky-section-no e-con e-child\" data-id=\"386df6e\" data-element_type=\"container\" data-settings=\"{&quot;background_background&quot;:&quot;classic&quot;}\">\n\t\t<div class=\"elementor-element elementor-element-9b80a3e e-con-full e-flex wpr-particle-no wpr-jarallax-no wpr-parallax-no wpr-sticky-section-no e-con e-child\" data-id=\"9b80a3e\" data-element_type=\"container\">\n\t\t<div class=\"elementor-element elementor-element-84448e1 e-con-full e-flex wpr-particle-no wpr-jarallax-no wpr-parallax-no wpr-sticky-section-no e-con e-child\" data-id=\"84448e1\" data-element_type=\"container\">\n\t\t<div class=\"elementor-element elementor-element-b0921e7 e-con-full e-flex wpr-particle-no wpr-jarallax-no wpr-parallax-no wpr-sticky-section-no e-con e-child\" data-id=\"b0921e7\" data-element_type=\"container\">\n\t\t\t\t<div class=\"elementor-element elementor-element-f1466e4 elementor-widget elementor-widget-heading\" data-id=\"f1466e4\" data-element_type=\"widget\" role=\"heading\" data-widget_type=\"heading.default\">\n\t\t\t\t<div class=\"elementor-widget-container\">\n\t\t\t\t\t<p class=\"elementor-heading-title elementor-size-default\">Architectural services<\/p>\t\t\t\t<\/div>\n\t\t\t\t<\/div>\n\t\t\t\t<\/div>\n\t\t\t\t<\/div>\n\t\t\t\t<\/div>\n\t\t<div class=\"elementor-element elementor-element-1b04366 e-con-full e-flex wpr-particle-no wpr-jarallax-no wpr-parallax-no wpr-sticky-section-no e-con e-child\" data-id=\"1b04366\" data-element_type=\"container\">\n\t\t<div class=\"elementor-element elementor-element-51f02a3 e-con-full e-flex wpr-particle-no wpr-jarallax-no wpr-parallax-no wpr-sticky-section-no e-con e-child\" data-id=\"51f02a3\" data-element_type=\"container\">\n\t\t<div class=\"elementor-element elementor-element-7f3d2a6 e-con-full e-flex wpr-particle-no wpr-jarallax-no wpr-parallax-no wpr-sticky-section-no e-con e-child\" data-id=\"7f3d2a6\" data-element_type=\"container\">\n\t\t\t\t<div class=\"elementor-element elementor-element-1e52331 elementor-widget elementor-widget-image\" data-id=\"1e52331\" data-element_type=\"widget\" data-widget_type=\"image.default\">\n\t\t\t\t<div class=\"elementor-widget-container\">\n\t\t\t\t\t\t\t\t\t\t\t\t\t\t\t<img fetchpriority=\"high\" decoding=\"async\" width=\"800\" height=\"800\" src=\"https:\/\/guardiolaarquitectos.es\/wp-content\/uploads\/2025\/06\/ico-01.svg\" class=\"attachment-large size-large wp-image-475\" alt=\"ico-01\" \/>\t\t\t\t\t\t\t\t\t\t\t\t\t\t\t<\/div>\n\t\t\t\t<\/div>\n\t\t\t\t<\/div>\n\t\t<div class=\"elementor-element elementor-element-b7c0d98 e-con-full e-flex wpr-particle-no wpr-jarallax-no wpr-parallax-no wpr-sticky-section-no e-con e-child\" data-id=\"b7c0d98\" data-element_type=\"container\">\n\t\t\t\t<div class=\"elementor-element elementor-element-f823868 elementor-widget elementor-widget-heading\" data-id=\"f823868\" data-element_type=\"widget\" data-widget_type=\"heading.default\">\n\t\t\t\t<div class=\"elementor-widget-container\">\n\t\t\t\t\t<p class=\"elementor-heading-title elementor-size-default\">New construction projects<\/p>\t\t\t\t<\/div>\n\t\t\t\t<\/div>\n\t\t\t\t<\/div>\n\t\t\t\t<\/div>\n\t\t<div class=\"elementor-element elementor-element-2feaf0c e-con-full e-flex wpr-particle-no wpr-jarallax-no wpr-parallax-no wpr-sticky-section-no e-con e-child\" data-id=\"2feaf0c\" data-element_type=\"container\">\n\t\t<div class=\"elementor-element elementor-element-5870131 e-con-full e-flex wpr-particle-no wpr-jarallax-no wpr-parallax-no wpr-sticky-section-no e-con e-child\" data-id=\"5870131\" data-element_type=\"container\">\n\t\t\t\t<div class=\"elementor-element elementor-element-20b1916 elementor-widget elementor-widget-image\" data-id=\"20b1916\" data-element_type=\"widget\" data-widget_type=\"image.default\">\n\t\t\t\t<div class=\"elementor-widget-container\">\n\t\t\t\t\t\t\t\t\t\t\t\t\t\t\t<img decoding=\"async\" width=\"800\" height=\"800\" src=\"https:\/\/guardiolaarquitectos.es\/wp-content\/uploads\/2025\/06\/ico-02.svg\" class=\"attachment-large size-large wp-image-476\" alt=\"ico-02\" \/>\t\t\t\t\t\t\t\t\t\t\t\t\t\t\t<\/div>\n\t\t\t\t<\/div>\n\t\t\t\t<\/div>\n\t\t<div class=\"elementor-element elementor-element-5989c93 e-con-full e-flex wpr-particle-no wpr-jarallax-no wpr-parallax-no wpr-sticky-section-no e-con e-child\" data-id=\"5989c93\" data-element_type=\"container\">\n\t\t\t\t<div class=\"elementor-element elementor-element-d919383 elementor-widget elementor-widget-heading\" data-id=\"d919383\" data-element_type=\"widget\" data-widget_type=\"heading.default\">\n\t\t\t\t<div class=\"elementor-widget-container\">\n\t\t\t\t\t<p class=\"elementor-heading-title elementor-size-default\">Rehabilitations<\/p>\t\t\t\t<\/div>\n\t\t\t\t<\/div>\n\t\t\t\t<\/div>\n\t\t\t\t<\/div>\n\t\t\t\t<\/div>\n\t\t<div class=\"elementor-element elementor-element-d79cc48 e-con-full e-flex wpr-particle-no wpr-jarallax-no wpr-parallax-no wpr-sticky-section-no e-con e-child\" data-id=\"d79cc48\" data-element_type=\"container\">\n\t\t<div class=\"elementor-element elementor-element-35bb58d e-con-full e-flex wpr-particle-no wpr-jarallax-no wpr-parallax-no wpr-sticky-section-no e-con e-child\" data-id=\"35bb58d\" data-element_type=\"container\">\n\t\t<div class=\"elementor-element elementor-element-608b770 e-con-full e-flex wpr-particle-no wpr-jarallax-no wpr-parallax-no wpr-sticky-section-no e-con e-child\" data-id=\"608b770\" data-element_type=\"container\">\n\t\t\t\t<div class=\"elementor-element elementor-element-fd609cf elementor-widget elementor-widget-image\" data-id=\"fd609cf\" data-element_type=\"widget\" data-widget_type=\"image.default\">\n\t\t\t\t<div class=\"elementor-widget-container\">\n\t\t\t\t\t\t\t\t\t\t\t\t\t\t\t<img decoding=\"async\" width=\"800\" height=\"800\" src=\"https:\/\/guardiolaarquitectos.es\/wp-content\/uploads\/2025\/06\/ico-03.svg\" class=\"attachment-large size-large wp-image-477\" alt=\"ico-03\" \/>\t\t\t\t\t\t\t\t\t\t\t\t\t\t\t<\/div>\n\t\t\t\t<\/div>\n\t\t\t\t<\/div>\n\t\t<div class=\"elementor-element elementor-element-6da7007 e-con-full e-flex wpr-particle-no wpr-jarallax-no wpr-parallax-no wpr-sticky-section-no e-con e-child\" data-id=\"6da7007\" data-element_type=\"container\">\n\t\t\t\t<div class=\"elementor-element elementor-element-07611f7 elementor-widget elementor-widget-heading\" data-id=\"07611f7\" data-element_type=\"widget\" data-widget_type=\"heading.default\">\n\t\t\t\t<div class=\"elementor-widget-container\">\n\t\t\t\t\t<p class=\"elementor-heading-title elementor-size-default\">Residential and Commercial Interior Design<\/p>\t\t\t\t<\/div>\n\t\t\t\t<\/div>\n\t\t\t\t<\/div>\n\t\t\t\t<\/div>\n\t\t<div class=\"elementor-element elementor-element-654df0d e-con-full e-flex wpr-particle-no wpr-jarallax-no wpr-parallax-no wpr-sticky-section-no e-con e-child\" data-id=\"654df0d\" data-element_type=\"container\">\n\t\t<div class=\"elementor-element elementor-element-d9547da e-con-full e-flex wpr-particle-no wpr-jarallax-no wpr-parallax-no wpr-sticky-section-no e-con e-child\" data-id=\"d9547da\" data-element_type=\"container\">\n\t\t\t\t<div class=\"elementor-element elementor-element-d5406dd elementor-widget elementor-widget-image\" data-id=\"d5406dd\" data-element_type=\"widget\" data-widget_type=\"image.default\">\n\t\t\t\t<div class=\"elementor-widget-container\">\n\t\t\t\t\t\t\t\t\t\t\t\t\t\t\t<img loading=\"lazy\" decoding=\"async\" width=\"800\" height=\"800\" src=\"https:\/\/guardiolaarquitectos.es\/wp-content\/uploads\/2025\/06\/ico-04.svg\" class=\"attachment-large size-large wp-image-478\" alt=\"ico-04\" \/>\t\t\t\t\t\t\t\t\t\t\t\t\t\t\t<\/div>\n\t\t\t\t<\/div>\n\t\t\t\t<\/div>\n\t\t<div class=\"elementor-element elementor-element-c15406f e-con-full e-flex wpr-particle-no wpr-jarallax-no wpr-parallax-no wpr-sticky-section-no e-con e-child\" data-id=\"c15406f\" data-element_type=\"container\">\n\t\t\t\t<div class=\"elementor-element elementor-element-6e131b4 elementor-widget elementor-widget-heading\" data-id=\"6e131b4\" data-element_type=\"widget\" data-widget_type=\"heading.default\">\n\t\t\t\t<div class=\"elementor-widget-container\">\n\t\t\t\t\t<p class=\"elementor-heading-title elementor-size-default\">Energy efficiency project<\/p>\t\t\t\t<\/div>\n\t\t\t\t<\/div>\n\t\t\t\t<\/div>\n\t\t\t\t<\/div>\n\t\t\t\t<\/div>\n\t\t<div class=\"elementor-element elementor-element-d22a8ce e-con-full e-flex wpr-particle-no wpr-jarallax-no wpr-parallax-no wpr-sticky-section-no e-con e-child\" data-id=\"d22a8ce\" data-element_type=\"container\">\n\t\t<div class=\"elementor-element elementor-element-85c0cd0 e-con-full e-flex wpr-particle-no wpr-jarallax-no wpr-parallax-no wpr-sticky-section-no e-con e-child\" data-id=\"85c0cd0\" data-element_type=\"container\">\n\t\t<div class=\"elementor-element elementor-element-adcdbdf e-con-full e-flex wpr-particle-no wpr-jarallax-no wpr-parallax-no wpr-sticky-section-no e-con e-child\" data-id=\"adcdbdf\" data-element_type=\"container\">\n\t\t\t\t<div class=\"elementor-element elementor-element-3bab4e3 elementor-mobile-align-center elementor-widget elementor-widget-button\" data-id=\"3bab4e3\" data-element_type=\"widget\" data-widget_type=\"button.default\">\n\t\t\t\t<div class=\"elementor-widget-container\">\n\t\t\t\t\t\t\t\t\t<div class=\"elementor-button-wrapper\">\n\t\t\t\t\t<a class=\"elementor-button elementor-button-link elementor-size-sm\" href=\"https:\/\/guardiolaarquitectos.es\/servicios\/\">\n\t\t\t\t\t\t<span class=\"elementor-button-content-wrapper\">\n\t\t\t\t\t\t\t\t\t<span class=\"elementor-button-text\">Services<\/span>\n\t\t\t\t\t<\/span>\n\t\t\t\t\t<\/a>\n\t\t\t\t<\/div>\n\t\t\t\t\t\t\t\t<\/div>\n\t\t\t\t<\/div>\n\t\t\t\t<\/div>\n\t\t\t\t<\/div>\n\t\t\t\t<\/div>\n\t\t\t\t<\/div>\n\t\t\t\t<\/div>\n\t\t<div class=\"elementor-element elementor-element-0d9a731 e-flex e-con-boxed wpr-particle-no wpr-jarallax-no wpr-parallax-no wpr-sticky-section-no e-con e-parent\" data-id=\"0d9a731\" data-element_type=\"container\" data-settings=\"{&quot;background_background&quot;:&quot;classic&quot;}\">\n\t\t\t\t\t<div class=\"e-con-inner\">\n\t\t\t\t<div class=\"elementor-element elementor-element-b1020ec elementor-widget elementor-widget-heading\" data-id=\"b1020ec\" data-element_type=\"widget\" data-widget_type=\"heading.default\">\n\t\t\t\t<div class=\"elementor-widget-container\">\n\t\t\t\t\t<h3 class=\"elementor-heading-title elementor-size-default\">Projects<\/h3>\t\t\t\t<\/div>\n\t\t\t\t<\/div>\n\t\t\t\t\t<\/div>\n\t\t\t\t<\/div>\n\t\t<div class=\"elementor-element elementor-element-f40072b e-flex e-con-boxed wpr-particle-no wpr-jarallax-no wpr-parallax-no wpr-sticky-section-no e-con e-parent\" data-id=\"f40072b\" data-element_type=\"container\" data-settings=\"{&quot;background_background&quot;:&quot;classic&quot;}\">\n\t\t\t\t\t<div class=\"e-con-inner\">\n\t\t\t\t<div class=\"elementor-element elementor-element-3b4554b elementor-pagination-type-bullets elementor-arrows-position-inside elementor-pagination-position-outside elementor-widget elementor-widget-loop-carousel\" data-id=\"3b4554b\" data-element_type=\"widget\" data-settings=\"{&quot;template_id&quot;:887,&quot;image_spacing_custom&quot;:{&quot;unit&quot;:&quot;px&quot;,&quot;size&quot;:20,&quot;sizes&quot;:[]},&quot;_skin&quot;:&quot;post&quot;,&quot;slides_to_show&quot;:&quot;3&quot;,&quot;slides_to_show_tablet&quot;:&quot;2&quot;,&quot;slides_to_show_mobile&quot;:&quot;1&quot;,&quot;slides_to_scroll&quot;:&quot;1&quot;,&quot;edit_handle_selector&quot;:&quot;.elementor-loop-container&quot;,&quot;autoplay&quot;:&quot;yes&quot;,&quot;autoplay_speed&quot;:5000,&quot;pause_on_hover&quot;:&quot;yes&quot;,&quot;pause_on_interaction&quot;:&quot;yes&quot;,&quot;infinite&quot;:&quot;yes&quot;,&quot;speed&quot;:500,&quot;offset_sides&quot;:&quot;none&quot;,&quot;arrows&quot;:&quot;yes&quot;,&quot;pagination&quot;:&quot;bullets&quot;,&quot;image_spacing_custom_tablet&quot;:{&quot;unit&quot;:&quot;px&quot;,&quot;size&quot;:&quot;&quot;,&quot;sizes&quot;:[]},&quot;image_spacing_custom_mobile&quot;:{&quot;unit&quot;:&quot;px&quot;,&quot;size&quot;:&quot;&quot;,&quot;sizes&quot;:[]}}\" data-widget_type=\"loop-carousel.post\">\n\t\t\t\t<div class=\"elementor-widget-container\">\n\t\t\t\t\t\t\t<div class=\"swiper elementor-loop-container elementor-grid\" role=\"list\" dir=\"ltr\">\n\t\t\t\t<div class=\"swiper-wrapper\" aria-live=\"off\">\n\t\t<style id=\"loop-887\">.elementor-887 .elementor-element.elementor-element-489bdd2{--display:flex;--flex-direction:column;--container-widget-width:100%;--container-widget-height:initial;--container-widget-flex-grow:0;--container-widget-align-self:initial;--flex-wrap-mobile:wrap;--gap:0px 0px;--row-gap:0px;--column-gap:0px;--margin-top:0px;--margin-bottom:0px;--margin-left:0px;--margin-right:0px;--padding-top:0px;--padding-bottom:0px;--padding-left:0px;--padding-right:0px;}.elementor-widget-theme-post-featured-image .widget-image-caption{color:var( --e-global-color-text );font-family:var( --e-global-typography-text-font-family ), Sans-serif;font-size:var( --e-global-typography-text-font-size );font-weight:var( --e-global-typography-text-font-weight );line-height:var( --e-global-typography-text-line-height );}.elementor-887 .elementor-element.elementor-element-b5eec9e{text-align:left;}.elementor-887 .elementor-element.elementor-element-b5eec9e img{width:100%;height:500px;object-fit:cover;object-position:center center;}.elementor-widget-theme-post-title .elementor-heading-title{font-family:var( --e-global-typography-primary-font-family ), Sans-serif;font-size:var( --e-global-typography-primary-font-size );font-weight:var( --e-global-typography-primary-font-weight );line-height:var( --e-global-typography-primary-line-height );color:var( --e-global-color-primary );}.elementor-887 .elementor-element.elementor-element-e764cd4 > .elementor-widget-container{margin:20px 0px 0px 0px;}.elementor-887 .elementor-element.elementor-element-e764cd4 .elementor-heading-title{font-family:\"Manrope\", Sans-serif;font-size:17px;font-weight:300;line-height:1.3em;}@media(max-width:1024px){.elementor-widget-theme-post-featured-image .widget-image-caption{font-size:var( --e-global-typography-text-font-size );line-height:var( --e-global-typography-text-line-height );}.elementor-widget-theme-post-title .elementor-heading-title{font-size:var( --e-global-typography-primary-font-size );line-height:var( --e-global-typography-primary-line-height );}}@media(max-width:767px){.elementor-widget-theme-post-featured-image .widget-image-caption{font-size:var( --e-global-typography-text-font-size );line-height:var( --e-global-typography-text-line-height );}.elementor-widget-theme-post-title .elementor-heading-title{font-size:var( --e-global-typography-primary-font-size );line-height:var( --e-global-typography-primary-line-height );}}<\/style>\t\t<div data-elementor-type=\"loop-item\" data-elementor-id=\"887\" class=\"elementor elementor-887 swiper-slide e-loop-item e-loop-item-733 post-733 proyectos type-proyectos status-publish has-post-thumbnail hentry\" data-elementor-post-type=\"elementor_library\" role=\"group\" aria-roledescription=\"slide\" data-custom-edit-handle=\"1\">\n\t\t\t<div class=\"elementor-element elementor-element-489bdd2 e-flex e-con-boxed wpr-particle-no wpr-jarallax-no wpr-parallax-no wpr-sticky-section-no e-con e-parent\" data-id=\"489bdd2\" data-element_type=\"container\">\n\t\t\t\t\t<div class=\"e-con-inner\">\n\t\t\t\t<div class=\"elementor-element elementor-element-b5eec9e elementor-widget elementor-widget-theme-post-featured-image elementor-widget-image\" data-id=\"b5eec9e\" data-element_type=\"widget\" data-widget_type=\"theme-post-featured-image.default\">\n\t\t\t\t<div class=\"elementor-widget-container\">\n\t\t\t\t\t\t\t\t\t\t\t\t\t\t\t<img loading=\"lazy\" decoding=\"async\" width=\"734\" height=\"356\" src=\"https:\/\/guardiolaarquitectos.es\/wp-content\/uploads\/2025\/07\/vivienda-unifamilar-lorca-1.jpg\" class=\"attachment-large size-large wp-image-734\" alt=\"vivienda-unifamilar-lorca (1)\" srcset=\"https:\/\/guardiolaarquitectos.es\/wp-content\/uploads\/2025\/07\/vivienda-unifamilar-lorca-1.jpg 734w, https:\/\/guardiolaarquitectos.es\/wp-content\/uploads\/2025\/07\/vivienda-unifamilar-lorca-1-300x146.jpg 300w\" sizes=\"(max-width: 734px) 100vw, 734px\" \/>\t\t\t\t\t\t\t\t\t\t\t\t\t\t\t<\/div>\n\t\t\t\t<\/div>\n\t\t\t\t<div class=\"elementor-element elementor-element-e764cd4 elementor-widget elementor-widget-theme-post-title elementor-page-title elementor-widget-heading\" data-id=\"e764cd4\" data-element_type=\"widget\" data-widget_type=\"theme-post-title.default\">\n\t\t\t\t<div class=\"elementor-widget-container\">\n\t\t\t\t\t<p class=\"elementor-heading-title elementor-size-default\"><a href=\"https:\/\/guardiolaarquitectos.es\/en\/proyectos\/reforma-de-vivienda-unifamiliar-en-lorca\/\" role=\"link\">Reforma de Vivienda Unifamiliar en Lorca<\/a><\/p>\t\t\t\t<\/div>\n\t\t\t\t<\/div>\n\t\t\t\t\t<\/div>\n\t\t\t\t<\/div>\n\t\t\t\t<\/div>\n\t\t\t\t<div data-elementor-type=\"loop-item\" data-elementor-id=\"887\" class=\"elementor elementor-887 swiper-slide e-loop-item e-loop-item-731 post-731 proyectos type-proyectos status-publish has-post-thumbnail hentry\" data-elementor-post-type=\"elementor_library\" role=\"group\" aria-roledescription=\"slide\" data-custom-edit-handle=\"1\">\n\t\t\t<div class=\"elementor-element elementor-element-489bdd2 e-flex e-con-boxed wpr-particle-no wpr-jarallax-no wpr-parallax-no wpr-sticky-section-no e-con e-parent\" data-id=\"489bdd2\" data-element_type=\"container\">\n\t\t\t\t\t<div class=\"e-con-inner\">\n\t\t\t\t<div class=\"elementor-element elementor-element-b5eec9e elementor-widget elementor-widget-theme-post-featured-image elementor-widget-image\" data-id=\"b5eec9e\" data-element_type=\"widget\" data-widget_type=\"theme-post-featured-image.default\">\n\t\t\t\t<div class=\"elementor-widget-container\">\n\t\t\t\t\t\t\t\t\t\t\t\t\t\t\t<img loading=\"lazy\" decoding=\"async\" width=\"671\" height=\"390\" src=\"https:\/\/guardiolaarquitectos.es\/wp-content\/uploads\/2025\/07\/Proyecto-edificio-en-Cieza.jpg\" class=\"attachment-large size-large wp-image-732\" alt=\"Proyecto-edificio-en-Cieza\" srcset=\"https:\/\/guardiolaarquitectos.es\/wp-content\/uploads\/2025\/07\/Proyecto-edificio-en-Cieza.jpg 671w, https:\/\/guardiolaarquitectos.es\/wp-content\/uploads\/2025\/07\/Proyecto-edificio-en-Cieza-300x174.jpg 300w\" sizes=\"(max-width: 671px) 100vw, 671px\" \/>\t\t\t\t\t\t\t\t\t\t\t\t\t\t\t<\/div>\n\t\t\t\t<\/div>\n\t\t\t\t<div class=\"elementor-element elementor-element-e764cd4 elementor-widget elementor-widget-theme-post-title elementor-page-title elementor-widget-heading\" data-id=\"e764cd4\" data-element_type=\"widget\" data-widget_type=\"theme-post-title.default\">\n\t\t\t\t<div class=\"elementor-widget-container\">\n\t\t\t\t\t<p class=\"elementor-heading-title elementor-size-default\"><a href=\"https:\/\/guardiolaarquitectos.es\/en\/proyectos\/nuevo-proyecto-de-edificio-en-cieza\/\" role=\"link\">Nuevo proyecto de edificio en Cieza<\/a><\/p>\t\t\t\t<\/div>\n\t\t\t\t<\/div>\n\t\t\t\t\t<\/div>\n\t\t\t\t<\/div>\n\t\t\t\t<\/div>\n\t\t\t\t<div data-elementor-type=\"loop-item\" data-elementor-id=\"887\" class=\"elementor elementor-887 swiper-slide e-loop-item e-loop-item-551 post-551 proyectos type-proyectos status-publish has-post-thumbnail hentry\" data-elementor-post-type=\"elementor_library\" role=\"group\" aria-roledescription=\"slide\" data-custom-edit-handle=\"1\">\n\t\t\t<div class=\"elementor-element elementor-element-489bdd2 e-flex e-con-boxed wpr-particle-no wpr-jarallax-no wpr-parallax-no wpr-sticky-section-no e-con e-parent\" data-id=\"489bdd2\" data-element_type=\"container\">\n\t\t\t\t\t<div class=\"e-con-inner\">\n\t\t\t\t<div class=\"elementor-element elementor-element-b5eec9e elementor-widget elementor-widget-theme-post-featured-image elementor-widget-image\" data-id=\"b5eec9e\" data-element_type=\"widget\" data-widget_type=\"theme-post-featured-image.default\">\n\t\t\t\t<div class=\"elementor-widget-container\">\n\t\t\t\t\t\t\t\t\t\t\t\t\t\t\t<img loading=\"lazy\" decoding=\"async\" width=\"682\" height=\"384\" src=\"https:\/\/guardiolaarquitectos.es\/wp-content\/uploads\/2025\/06\/vivienda-pasiva-abaran-6.jpg\" class=\"attachment-large size-large wp-image-729\" alt=\"vivienda-pasiva-abaran (6)\" srcset=\"https:\/\/guardiolaarquitectos.es\/wp-content\/uploads\/2025\/06\/vivienda-pasiva-abaran-6.jpg 682w, https:\/\/guardiolaarquitectos.es\/wp-content\/uploads\/2025\/06\/vivienda-pasiva-abaran-6-300x169.jpg 300w\" sizes=\"(max-width: 682px) 100vw, 682px\" \/>\t\t\t\t\t\t\t\t\t\t\t\t\t\t\t<\/div>\n\t\t\t\t<\/div>\n\t\t\t\t<div class=\"elementor-element elementor-element-e764cd4 elementor-widget elementor-widget-theme-post-title elementor-page-title elementor-widget-heading\" data-id=\"e764cd4\" data-element_type=\"widget\" data-widget_type=\"theme-post-title.default\">\n\t\t\t\t<div class=\"elementor-widget-container\">\n\t\t\t\t\t<p class=\"elementor-heading-title elementor-size-default\"><a href=\"https:\/\/guardiolaarquitectos.es\/en\/proyectos\/vivienda-pasiva-en-abaran\/\" role=\"link\">Vivienda pasiva en Abar\u00e1n<\/a><\/p>\t\t\t\t<\/div>\n\t\t\t\t<\/div>\n\t\t\t\t\t<\/div>\n\t\t\t\t<\/div>\n\t\t\t\t<\/div>\n\t\t\t\t<div data-elementor-type=\"loop-item\" data-elementor-id=\"887\" class=\"elementor elementor-887 swiper-slide e-loop-item e-loop-item-112 post-112 proyectos type-proyectos status-publish has-post-thumbnail hentry tipo_de_proyecto-arquitectura\" data-elementor-post-type=\"elementor_library\" role=\"group\" aria-roledescription=\"slide\" data-custom-edit-handle=\"1\">\n\t\t\t<div class=\"elementor-element elementor-element-489bdd2 e-flex e-con-boxed wpr-particle-no wpr-jarallax-no wpr-parallax-no wpr-sticky-section-no e-con e-parent\" data-id=\"489bdd2\" data-element_type=\"container\">\n\t\t\t\t\t<div class=\"e-con-inner\">\n\t\t\t\t<div class=\"elementor-element elementor-element-b5eec9e elementor-widget elementor-widget-theme-post-featured-image elementor-widget-image\" data-id=\"b5eec9e\" data-element_type=\"widget\" data-widget_type=\"theme-post-featured-image.default\">\n\t\t\t\t<div class=\"elementor-widget-container\">\n\t\t\t\t\t\t\t\t\t\t\t\t\t\t\t<img loading=\"lazy\" decoding=\"async\" width=\"800\" height=\"533\" src=\"https:\/\/guardiolaarquitectos.es\/wp-content\/uploads\/2025\/06\/proyecto-clinica-dental-4-1024x682.jpg\" class=\"attachment-large size-large wp-image-116\" alt=\"proyecto-clinica-dental (4)\" srcset=\"https:\/\/guardiolaarquitectos.es\/wp-content\/uploads\/2025\/06\/proyecto-clinica-dental-4-1024x682.jpg 1024w, https:\/\/guardiolaarquitectos.es\/wp-content\/uploads\/2025\/06\/proyecto-clinica-dental-4-300x200.jpg 300w, https:\/\/guardiolaarquitectos.es\/wp-content\/uploads\/2025\/06\/proyecto-clinica-dental-4-768x512.jpg 768w, https:\/\/guardiolaarquitectos.es\/wp-content\/uploads\/2025\/06\/proyecto-clinica-dental-4-1536x1023.jpg 1536w, https:\/\/guardiolaarquitectos.es\/wp-content\/uploads\/2025\/06\/proyecto-clinica-dental-4.jpg 1600w\" sizes=\"(max-width: 800px) 100vw, 800px\" \/>\t\t\t\t\t\t\t\t\t\t\t\t\t\t\t<\/div>\n\t\t\t\t<\/div>\n\t\t\t\t<div class=\"elementor-element elementor-element-e764cd4 elementor-widget elementor-widget-theme-post-title elementor-page-title elementor-widget-heading\" data-id=\"e764cd4\" data-element_type=\"widget\" data-widget_type=\"theme-post-title.default\">\n\t\t\t\t<div class=\"elementor-widget-container\">\n\t\t\t\t\t<p class=\"elementor-heading-title elementor-size-default\"><a href=\"https:\/\/guardiolaarquitectos.es\/en\/proyectos\/proyecto-clinica-dental\/\" role=\"link\">Proyecto Cl\u00ednica Dental<\/a><\/p>\t\t\t\t<\/div>\n\t\t\t\t<\/div>\n\t\t\t\t\t<\/div>\n\t\t\t\t<\/div>\n\t\t\t\t<\/div>\n\t\t\t\t<div data-elementor-type=\"loop-item\" data-elementor-id=\"887\" class=\"elementor elementor-887 swiper-slide e-loop-item e-loop-item-101 post-101 proyectos type-proyectos status-publish has-post-thumbnail hentry tipo_de_proyecto-arquitectura\" data-elementor-post-type=\"elementor_library\" role=\"group\" aria-roledescription=\"slide\" data-custom-edit-handle=\"1\">\n\t\t\t<div class=\"elementor-element elementor-element-489bdd2 e-flex e-con-boxed wpr-particle-no wpr-jarallax-no wpr-parallax-no wpr-sticky-section-no e-con e-parent\" data-id=\"489bdd2\" data-element_type=\"container\">\n\t\t\t\t\t<div class=\"e-con-inner\">\n\t\t\t\t<div class=\"elementor-element elementor-element-b5eec9e elementor-widget elementor-widget-theme-post-featured-image elementor-widget-image\" data-id=\"b5eec9e\" data-element_type=\"widget\" data-widget_type=\"theme-post-featured-image.default\">\n\t\t\t\t<div class=\"elementor-widget-container\">\n\t\t\t\t\t\t\t\t\t\t\t\t\t\t\t<img loading=\"lazy\" decoding=\"async\" width=\"800\" height=\"534\" src=\"https:\/\/guardiolaarquitectos.es\/wp-content\/uploads\/2025\/06\/proyecto-1-SALON-2-1024x683.jpg\" class=\"attachment-large size-large wp-image-108\" alt=\"proyecto-1-SALON (2)\" srcset=\"https:\/\/guardiolaarquitectos.es\/wp-content\/uploads\/2025\/06\/proyecto-1-SALON-2-1024x683.jpg 1024w, https:\/\/guardiolaarquitectos.es\/wp-content\/uploads\/2025\/06\/proyecto-1-SALON-2-300x200.jpg 300w, https:\/\/guardiolaarquitectos.es\/wp-content\/uploads\/2025\/06\/proyecto-1-SALON-2-768x512.jpg 768w, https:\/\/guardiolaarquitectos.es\/wp-content\/uploads\/2025\/06\/proyecto-1-SALON-2-1536x1024.jpg 1536w, https:\/\/guardiolaarquitectos.es\/wp-content\/uploads\/2025\/06\/proyecto-1-SALON-2-2048x1365.jpg 2048w\" sizes=\"(max-width: 800px) 100vw, 800px\" \/>\t\t\t\t\t\t\t\t\t\t\t\t\t\t\t<\/div>\n\t\t\t\t<\/div>\n\t\t\t\t<div class=\"elementor-element elementor-element-e764cd4 elementor-widget elementor-widget-theme-post-title elementor-page-title elementor-widget-heading\" data-id=\"e764cd4\" data-element_type=\"widget\" data-widget_type=\"theme-post-title.default\">\n\t\t\t\t<div class=\"elementor-widget-container\">\n\t\t\t\t\t<p class=\"elementor-heading-title elementor-size-default\"><a href=\"https:\/\/guardiolaarquitectos.es\/en\/proyectos\/proyecto-vivienda-en-murcia\/\" role=\"link\">Proyecto Vivienda en Murcia<\/a><\/p>\t\t\t\t<\/div>\n\t\t\t\t<\/div>\n\t\t\t\t\t<\/div>\n\t\t\t\t<\/div>\n\t\t\t\t<\/div>\n\t\t\t\t<\/div>\n\t\t<\/div>\n\t\t\t\t\t<div class=\"elementor-swiper-button elementor-swiper-button-prev\" role=\"button\" tabindex=\"0\" aria-label=\"Previous\">\n\t\t\t\t<svg aria-hidden=\"true\" class=\"e-font-icon-svg e-eicon-chevron-left\" viewBox=\"0 0 1000 1000\" xmlns=\"http:\/\/www.w3.org\/2000\/svg\"><path d=\"M646 125C629 125 613 133 604 142L308 442C296 454 292 471 292 487 292 504 296 521 308 533L604 854C617 867 629 875 646 875 663 875 679 871 692 858 704 846 713 829 713 812 713 796 708 779 692 767L438 487 692 225C700 217 708 204 708 187 708 171 704 154 692 142 675 129 663 125 646 125Z\"><\/path><\/svg>\t\t\t<\/div>\n\t\t\t<div class=\"elementor-swiper-button elementor-swiper-button-next\" role=\"button\" tabindex=\"0\" aria-label=\"Next\">\n\t\t\t\t<svg aria-hidden=\"true\" class=\"e-font-icon-svg e-eicon-chevron-right\" viewBox=\"0 0 1000 1000\" xmlns=\"http:\/\/www.w3.org\/2000\/svg\"><path d=\"M696 533C708 521 713 504 713 487 713 471 708 454 696 446L400 146C388 133 375 125 354 125 338 125 325 129 313 142 300 154 292 171 292 187 292 204 296 221 308 233L563 492 304 771C292 783 288 800 288 817 288 833 296 850 308 863 321 871 338 875 354 875 371 875 388 867 400 854L696 533Z\"><\/path><\/svg>\t\t\t<\/div>\n\t\t\t\t\t<div class=\"swiper-pagination\"><\/div>\n\t\t\t\t\t\t<\/div>\n\t\t\t\t<\/div>\n\t\t\t\t\t<\/div>\n\t\t\t\t<\/div>\n\t\t<div class=\"elementor-element elementor-element-f64a81e e-flex e-con-boxed wpr-particle-no wpr-jarallax-no wpr-parallax-no wpr-sticky-section-no e-con e-parent\" data-id=\"f64a81e\" data-element_type=\"container\" data-settings=\"{&quot;background_background&quot;:&quot;classic&quot;}\">\n\t\t\t\t\t<div class=\"e-con-inner\">\n\t\t\t\t<div class=\"elementor-element elementor-element-5d983e3 elementor-align-center elementor-widget elementor-widget-button\" data-id=\"5d983e3\" data-element_type=\"widget\" data-widget_type=\"button.default\">\n\t\t\t\t<div class=\"elementor-widget-container\">\n\t\t\t\t\t\t\t\t\t<div class=\"elementor-button-wrapper\">\n\t\t\t\t\t<a class=\"elementor-button elementor-button-link elementor-size-sm\" href=\"https:\/\/guardiolaarquitectos.es\/proyectos\/\">\n\t\t\t\t\t\t<span class=\"elementor-button-content-wrapper\">\n\t\t\t\t\t\t\t\t\t<span class=\"elementor-button-text\">View all projects<\/span>\n\t\t\t\t\t<\/span>\n\t\t\t\t\t<\/a>\n\t\t\t\t<\/div>\n\t\t\t\t\t\t\t\t<\/div>\n\t\t\t\t<\/div>\n\t\t\t\t\t<\/div>\n\t\t\t\t<\/div>\n\t\t\t\t<\/div>\n\t\t","protected":false},"excerpt":{"rendered":"<p>Guardiola Architecture We combine design and Energy Efficiencyto create cozy and functional spaces. Architecture, interior design and energy efficiency in Murcia, Spain GUARDIOLA Architecture is the perfect fusion of building tradition, energy efficiency and passion for design. Our goal is to create spaces that inspire, that improve the lives of those who live in them and that respect the environment. Two generations of architects We are Joaqu\u00edn Guardiola, expert in construction management and traditional construction systems, and Mar\u00eda Jos\u00e9 Guardiola, creative architect specialized in energy efficiency and design. We combine tradition and modernity to offer unique and sustainable architectural solutions. More information Architectural services New construction projects Rehabilitations Residential and Commercial Interior Design Energy efficiency project Services Projects View all projects<\/p>\n","protected":false},"author":1,"featured_media":0,"parent":0,"menu_order":0,"comment_status":"closed","ping_status":"closed","template":"","meta":{"_acf_changed":false,"inline_featured_image":false,"footnotes":""},"class_list":["post-1005","page","type-page","status-publish","hentry"],"acf":[],"yoast_head":"<!-- This site is optimized with the Yoast SEO plugin v26.4 - https:\/\/yoast.com\/wordpress\/plugins\/seo\/ -->\n<title>Architecture, Interior Design and Energy Efficiency - Guardiola Arquitectos<\/title>\n<meta name=\"description\" content=\"Architecture, Interior Design and Energy Efficiency Studio in Murcia. We combine design and energy efficiency to create welcoming spaces.\" \/>\n<meta name=\"robots\" content=\"index, follow, max-snippet:-1, max-image-preview:large, max-video-preview:-1\" \/>\n<link rel=\"canonical\" href=\"https:\/\/guardiolaarquitectos.es\/en\/\" \/>\n<meta property=\"og:locale\" content=\"en_US\" \/>\n<meta property=\"og:type\" content=\"article\" \/>\n<meta property=\"og:title\" content=\"Architecture, Interior Design and Energy Efficiency - Guardiola Arquitectos\" \/>\n<meta property=\"og:description\" content=\"Architecture, Interior Design and Energy Efficiency Studio in Murcia. We combine design and energy efficiency to create welcoming spaces.\" \/>\n<meta property=\"og:url\" content=\"https:\/\/guardiolaarquitectos.es\/en\/\" \/>\n<meta property=\"og:site_name\" content=\"Guardiola. Arquitectura y Dise\u00f1o\" \/>\n<meta property=\"article:modified_time\" content=\"2025-07-07T09:31:44+00:00\" \/>\n<meta name=\"twitter:card\" content=\"summary_large_image\" \/>\n<meta name=\"twitter:label1\" content=\"Est. reading time\" \/>\n\t<meta name=\"twitter:data1\" content=\"1 minute\" \/>\n<script type=\"application\/ld+json\" class=\"yoast-schema-graph\">{\"@context\":\"https:\/\/schema.org\",\"@graph\":[{\"@type\":\"WebPage\",\"@id\":\"https:\/\/guardiolaarquitectos.es\/en\/\",\"url\":\"https:\/\/guardiolaarquitectos.es\/en\/\",\"name\":\"Architecture, Interior Design and Energy Efficiency - Guardiola Arquitectos\",\"isPartOf\":{\"@id\":\"https:\/\/guardiolaarquitectos.es\/en\/#website\"},\"primaryImageOfPage\":{\"@id\":\"https:\/\/guardiolaarquitectos.es\/en\/#primaryimage\"},\"image\":{\"@id\":\"https:\/\/guardiolaarquitectos.es\/en\/#primaryimage\"},\"thumbnailUrl\":\"https:\/\/guardiolaarquitectos.es\/wp-content\/uploads\/2025\/06\/ico-01.svg\",\"datePublished\":\"2025-06-11T12:22:45+00:00\",\"dateModified\":\"2025-07-07T09:31:44+00:00\",\"description\":\"Architecture, Interior Design and Energy Efficiency Studio in Murcia. We combine design and energy efficiency to create welcoming spaces.\",\"breadcrumb\":{\"@id\":\"https:\/\/guardiolaarquitectos.es\/en\/#breadcrumb\"},\"inLanguage\":\"en-US\",\"potentialAction\":[{\"@type\":\"ReadAction\",\"target\":[\"https:\/\/guardiolaarquitectos.es\/en\/\"]}]},{\"@type\":\"ImageObject\",\"inLanguage\":\"en-US\",\"@id\":\"https:\/\/guardiolaarquitectos.es\/en\/#primaryimage\",\"url\":\"https:\/\/guardiolaarquitectos.es\/wp-content\/uploads\/2025\/06\/ico-01.svg\",\"contentUrl\":\"https:\/\/guardiolaarquitectos.es\/wp-content\/uploads\/2025\/06\/ico-01.svg\"},{\"@type\":\"BreadcrumbList\",\"@id\":\"https:\/\/guardiolaarquitectos.es\/en\/#breadcrumb\",\"itemListElement\":[{\"@type\":\"ListItem\",\"position\":1,\"name\":\"Portada\",\"item\":\"https:\/\/guardiolaarquitectos.es\/en\/home\/\"},{\"@type\":\"ListItem\",\"position\":2,\"name\":\"Home\"}]},{\"@type\":\"WebSite\",\"@id\":\"https:\/\/guardiolaarquitectos.es\/en\/#website\",\"url\":\"https:\/\/guardiolaarquitectos.es\/en\/\",\"name\":\"Guardiola. Arquitectura y Dise\u00f1o\",\"description\":\"\",\"publisher\":{\"@id\":\"https:\/\/guardiolaarquitectos.es\/en\/#organization\"},\"potentialAction\":[{\"@type\":\"SearchAction\",\"target\":{\"@type\":\"EntryPoint\",\"urlTemplate\":\"https:\/\/guardiolaarquitectos.es\/en\/?s={search_term_string}\"},\"query-input\":{\"@type\":\"PropertyValueSpecification\",\"valueRequired\":true,\"valueName\":\"search_term_string\"}}],\"inLanguage\":\"en-US\"},{\"@type\":\"Organization\",\"@id\":\"https:\/\/guardiolaarquitectos.es\/en\/#organization\",\"name\":\"Guardiola. Arquitectura y Dise\u00f1o\",\"url\":\"https:\/\/guardiolaarquitectos.es\/en\/\",\"logo\":{\"@type\":\"ImageObject\",\"inLanguage\":\"en-US\",\"@id\":\"https:\/\/guardiolaarquitectos.es\/en\/#\/schema\/logo\/image\/\",\"url\":\"https:\/\/guardiolaarquitectos.es\/wp-content\/uploads\/2025\/06\/logo-negro.svg\",\"contentUrl\":\"https:\/\/guardiolaarquitectos.es\/wp-content\/uploads\/2025\/06\/logo-negro.svg\",\"width\":567,\"height\":100,\"caption\":\"Guardiola. Arquitectura y Dise\u00f1o\"},\"image\":{\"@id\":\"https:\/\/guardiolaarquitectos.es\/en\/#\/schema\/logo\/image\/\"}}]}<\/script>\n<!-- \/ Yoast SEO plugin. -->","yoast_head_json":{"title":"Architecture, Interior Design and Energy Efficiency - Guardiola Arquitectos","description":"Architecture, Interior Design and Energy Efficiency Studio in Murcia. We combine design and energy efficiency to create welcoming spaces.","robots":{"index":"index","follow":"follow","max-snippet":"max-snippet:-1","max-image-preview":"max-image-preview:large","max-video-preview":"max-video-preview:-1"},"canonical":"https:\/\/guardiolaarquitectos.es\/en\/","og_locale":"en_US","og_type":"article","og_title":"Architecture, Interior Design and Energy Efficiency - Guardiola Arquitectos","og_description":"Architecture, Interior Design and Energy Efficiency Studio in Murcia. We combine design and energy efficiency to create welcoming spaces.","og_url":"https:\/\/guardiolaarquitectos.es\/en\/","og_site_name":"Guardiola. Arquitectura y Dise\u00f1o","article_modified_time":"2025-07-07T09:31:44+00:00","twitter_card":"summary_large_image","twitter_misc":{"Est. reading time":"1 minute"},"schema":{"@context":"https:\/\/schema.org","@graph":[{"@type":"WebPage","@id":"https:\/\/guardiolaarquitectos.es\/en\/","url":"https:\/\/guardiolaarquitectos.es\/en\/","name":"Architecture, Interior Design and Energy Efficiency - Guardiola Arquitectos","isPartOf":{"@id":"https:\/\/guardiolaarquitectos.es\/en\/#website"},"primaryImageOfPage":{"@id":"https:\/\/guardiolaarquitectos.es\/en\/#primaryimage"},"image":{"@id":"https:\/\/guardiolaarquitectos.es\/en\/#primaryimage"},"thumbnailUrl":"https:\/\/guardiolaarquitectos.es\/wp-content\/uploads\/2025\/06\/ico-01.svg","datePublished":"2025-06-11T12:22:45+00:00","dateModified":"2025-07-07T09:31:44+00:00","description":"Architecture, Interior Design and Energy Efficiency Studio in Murcia. We combine design and energy efficiency to create welcoming spaces.","breadcrumb":{"@id":"https:\/\/guardiolaarquitectos.es\/en\/#breadcrumb"},"inLanguage":"en-US","potentialAction":[{"@type":"ReadAction","target":["https:\/\/guardiolaarquitectos.es\/en\/"]}]},{"@type":"ImageObject","inLanguage":"en-US","@id":"https:\/\/guardiolaarquitectos.es\/en\/#primaryimage","url":"https:\/\/guardiolaarquitectos.es\/wp-content\/uploads\/2025\/06\/ico-01.svg","contentUrl":"https:\/\/guardiolaarquitectos.es\/wp-content\/uploads\/2025\/06\/ico-01.svg"},{"@type":"BreadcrumbList","@id":"https:\/\/guardiolaarquitectos.es\/en\/#breadcrumb","itemListElement":[{"@type":"ListItem","position":1,"name":"Portada","item":"https:\/\/guardiolaarquitectos.es\/en\/home\/"},{"@type":"ListItem","position":2,"name":"Home"}]},{"@type":"WebSite","@id":"https:\/\/guardiolaarquitectos.es\/en\/#website","url":"https:\/\/guardiolaarquitectos.es\/en\/","name":"Guardiola. Arquitectura y Dise\u00f1o","description":"","publisher":{"@id":"https:\/\/guardiolaarquitectos.es\/en\/#organization"},"potentialAction":[{"@type":"SearchAction","target":{"@type":"EntryPoint","urlTemplate":"https:\/\/guardiolaarquitectos.es\/en\/?s={search_term_string}"},"query-input":{"@type":"PropertyValueSpecification","valueRequired":true,"valueName":"search_term_string"}}],"inLanguage":"en-US"},{"@type":"Organization","@id":"https:\/\/guardiolaarquitectos.es\/en\/#organization","name":"Guardiola. Arquitectura y Dise\u00f1o","url":"https:\/\/guardiolaarquitectos.es\/en\/","logo":{"@type":"ImageObject","inLanguage":"en-US","@id":"https:\/\/guardiolaarquitectos.es\/en\/#\/schema\/logo\/image\/","url":"https:\/\/guardiolaarquitectos.es\/wp-content\/uploads\/2025\/06\/logo-negro.svg","contentUrl":"https:\/\/guardiolaarquitectos.es\/wp-content\/uploads\/2025\/06\/logo-negro.svg","width":567,"height":100,"caption":"Guardiola. Arquitectura y Dise\u00f1o"},"image":{"@id":"https:\/\/guardiolaarquitectos.es\/en\/#\/schema\/logo\/image\/"}}]}},"_links":{"self":[{"href":"https:\/\/guardiolaarquitectos.es\/en\/wp-json\/wp\/v2\/pages\/1005","targetHints":{"allow":["GET"]}}],"collection":[{"href":"https:\/\/guardiolaarquitectos.es\/en\/wp-json\/wp\/v2\/pages"}],"about":[{"href":"https:\/\/guardiolaarquitectos.es\/en\/wp-json\/wp\/v2\/types\/page"}],"author":[{"embeddable":true,"href":"https:\/\/guardiolaarquitectos.es\/en\/wp-json\/wp\/v2\/users\/1"}],"replies":[{"embeddable":true,"href":"https:\/\/guardiolaarquitectos.es\/en\/wp-json\/wp\/v2\/comments?post=1005"}],"version-history":[{"count":3,"href":"https:\/\/guardiolaarquitectos.es\/en\/wp-json\/wp\/v2\/pages\/1005\/revisions"}],"predecessor-version":[{"id":1011,"href":"https:\/\/guardiolaarquitectos.es\/en\/wp-json\/wp\/v2\/pages\/1005\/revisions\/1011"}],"wp:attachment":[{"href":"https:\/\/guardiolaarquitectos.es\/en\/wp-json\/wp\/v2\/media?parent=1005"}],"curies":[{"name":"wp","href":"https:\/\/api.w.org\/{rel}","templated":true}]}}